{"id":199,"date":"2021-06-16T17:18:12","date_gmt":"2021-06-16T17:18:12","guid":{"rendered":"https:\/\/www.everpharma.com\/ger\/?page_id=199"},"modified":"2026-04-16T21:41:50","modified_gmt":"2026-04-16T19:41:50","slug":"karriere","status":"publish","type":"page","link":"https:\/\/www.everpharma.com\/ger\/karriere\/","title":{"rendered":"Karriere"},"content":{"rendered":"\n<h2 class=\"wp-block-heading is-style-page-title\">Arbeiten bei EVER Pharma GmbH<\/h2>\n\n\n\n<div class=\"wp-block-columns is-layout-flex wp-container-core-columns-is-layout-9d6595d7 wp-block-columns-is-layout-flex\">\n<div class=\"wp-block-column is-layout-flow wp-block-column-is-layout-flow\" style=\"flex-basis:50%\">\n<p>Unsere Mitarbeiter sind die S\u00e4ulen unseres Erfolgs. Bei EVER Pharma steht das Wohlergehen des Patienten im Mittelpunkt unseres Handelns. Das gibt unserer t\u00e4glichen Arbeit einen Sinn und stellt die Essenz unseres Engagements f\u00fcr die Gesundheit dar!<\/p>\n\n\n\n<p>Toleranz, respektvoller Umgang miteinander, transparente F\u00fchrungsstrukturen, kurze Entscheidungswege und teamorientiertes Handeln sind bei uns mehr als nur Schlagworte. Diese Aspekte sorgen f\u00fcr ein offenes und produktives&nbsp;Arbeitsumfeld.<\/p>\n<\/div>\n\n\n\n<div class=\"wp-block-column is-layout-flow wp-block-column-is-layout-flow\" style=\"flex-basis:50%\">\n<p>Sie wollen Teil eines agilen und engagierten Teams sein? EVER Pharma f\u00f6rdert die hohe Einsatzbereitschaft und das leistungsorientierte Handeln seiner Mitarbeiter, wirkt weltweit mit und treibt Ideen voran.<\/p>\n<\/div>\n<\/div>\n\n\n\n<h2 class=\"wp-block-heading is-style-section-title\"><a href=\"https:\/\/karriere.everpharma.com\/stellenangebote.html\">Stellenanzeigen<\/a><\/h2>\n\n\n\n<p class=\"has-theme-red-color has-text-color has-link-color has-md-font-size wp-elements-ea986def6de13ee257e90680a18e6eb6\"><strong><strong><strong>Fachreferent (m\/w\/d) Neurologie \/ ZNS \/ Morbus Parkinson<\/strong><\/strong><\/strong><\/p>\n\n\n\n<p><strong>Einsatzregion: <\/strong>Gro\u00dfraum Dortmund, M\u00fcnster, Osnabr\u00fcck <\/p>\n\n\n\n<p><strong>Neurologie mitgestalten \u2013 im wissenschaftlichen Dialog und nah an den Behandelnden.<\/strong><\/p>\n\n\n\n<p>Neurologische Erkrankungen wie Parkinson stellen Betroffene und Behandelnde t\u00e4glich vor gro\u00dfe Herausforderungen. Moderne Therapiekonzepte entwickeln sich kontinuierlich weiter \u2013 und du leistest einen wichtigen Beitrag, indem du Wissen, Bedarf und Innovationen zusammenbringst.&nbsp;<\/p>\n\n\n\n<p>Zur Verst\u00e4rkung unseres Teams suchen wir dich als <strong>Fachreferent (m\/w\/d) Neurologie \/ ZNS<\/strong>.<\/p>\n\n\n\n<div style=\"height:35px\" aria-hidden=\"true\" class=\"wp-block-spacer\"><\/div>\n\n\n\n<p><strong><strong><strong>Deine Aufgabenschwerpunkte<\/strong><\/strong><\/strong><\/p>\n\n\n\n<ul class=\"wp-block-list\">\n<li>Aufbau und Weiterentwicklung nachhaltiger Kundenbeziehungen in der zugeordneten Region.<\/li>\n\n\n\n<li>Systematische Betreuung sowie aktive Neukundengewinnung bei niedergelassenen Neurolog:innen und spezialisierten Kliniken \u2013 inklusive relevanter Berufsgruppen im gesamten Versorgungsprozess.<\/li>\n\n\n\n<li>Wissenschaftlicher Austausch und gezielte Netzwerkpflege mit Meinungsbildner:innen, Entscheider:innen und weiteren zentralen Akteur:innen im neurologischen Umfeld.<\/li>\n\n\n\n<li>Planung, Organisation und Durchf\u00fchrung von Schulungen &amp; Fachveranstaltungen, regionalen Fortbildungen und Beitr\u00e4gen auf medizinischen Kongressen.<\/li>\n\n\n\n<li>Kompetente Ansprechperson f\u00fcr \u00c4rzt:innen, Pflegepersonal und Angeh\u00f6rige \u2013 inklusive qualifizierter Beratung zu innovativen Therapiel\u00f6sungen.<\/li>\n\n\n\n<li>Eigenverantwortliche Planung, Priorisierung und Organisation deiner Kundenbesuche, Projekte und Fortbildungsaktivit\u00e4ten.<\/li>\n\n\n\n<li>Kontinuierliche Markt- und Wettbewerbsbeobachtung sowie Ableitung geeigneter Ma\u00dfnahmen in enger Zusammenarbeit mit Marketing und Medizin.<\/li>\n\n\n\n<li>Sorgf\u00e4ltige Dokumentation von pharmakovigilanzrelevanten Informationen sowie strukturierte Erfassung aller vertriebsrelevanten Daten im CRM-System.<\/li>\n<\/ul>\n\n\n\n<div style=\"height:35px\" aria-hidden=\"true\" class=\"wp-block-spacer\"><\/div>\n\n\n\n<p><strong>Dein Profil<\/strong><\/p>\n\n\n\n<ul class=\"wp-block-list\">\n<li>Au\u00dfendiensterfahrung im Bereich Neurologie oder im Klinik-\/Facharztumfeld ist w\u00fcnschenswert.<\/li>\n\n\n\n<li>Freude am wissenschaftlichen Dialog sowie ein souver\u00e4nes, empathisches Auftreten.<\/li>\n\n\n\n<li>Hohe Eigeninitiative, strukturiertes und selbstst\u00e4ndiges Arbeiten sowie die Motivation, Themen aktiv voranzubringen.<\/li>\n\n\n\n<li>Strategische Analyse- und Beratungskompetenz, insbesondere im Hinblick auf Netzwerkstrukturen in der neurologischen Versorgung.<\/li>\n\n\n\n<li>Solides Verst\u00e4ndnis des gesundheitspolitischen Umfelds sowie idealerweise ein bestehendes Netzwerk in der Region.<\/li>\n\n\n\n<li>Sicherer Umgang mit EDV-Anwendungen und die Bereitschaft, sich in neue digitale Tools (z.\u202fB. CRM-Systeme) einzuarbeiten.<\/li>\n\n\n\n<li>Reisebereitschaft (inkl. \u00dcbernachtungen) sowie F\u00fchrerschein Klasse B.<\/li>\n\n\n\n<li>Wohnort idealerweise im Einsatzgebiet (Gro\u00dfraum Dortmund, M\u00fcnster, Osnabr\u00fcck).<\/li>\n<\/ul>\n\n\n\n<div style=\"height:35px\" aria-hidden=\"true\" class=\"wp-block-spacer\"><\/div>\n\n\n\n<p><strong>Unser Angebot<\/strong><\/p>\n\n\n\n<ul class=\"wp-block-list\">\n<li>Befristete Festanstellung&nbsp;<\/li>\n\n\n\n<li>Eintritt: zum n\u00e4chstm\u00f6glichen Zeitpunkt&nbsp;<\/li>\n\n\n\n<li>Firmenwagen zur privaten Nutzung<\/li>\n\n\n\n<li>Fortbildungen &amp; pers\u00f6nliche Weiterentwicklung<\/li>\n\n\n\n<li>Ein starkes Team, das Wissen teilt und sich gegenseitig unterst\u00fctzt<\/li>\n<\/ul>\n\n\n\n<div style=\"height:25px\" aria-hidden=\"true\" class=\"wp-block-spacer\"><\/div>\n\n\n\n<p class=\"has-theme-red-color has-text-color has-link-color has-md-font-size wp-elements-1df02996cf82649f28bcac5e2d804e3f\"><strong>Der Gesundheit verpflichtet.<\/strong><\/p>\n\n\n\n<p>Deine Ansprechpartnerin:<br><strong><strong>Sandra Bullinger<\/strong><\/strong><br>Head of Sales Neurology<br><br>Mobile: +49 (151) 20 36 06 33<\/p>\n\n\n\n<p>E-Mail:&nbsp;<a href=\"mailto:sandra.bullinger@everpharma.com\">sandra.bullinger@everpharma.com<\/a><\/p>\n\n\n\n<div style=\"height:10px\" aria-hidden=\"true\" class=\"wp-block-spacer\"><\/div>\n\n\n\n<div class=\"wp-block-buttons is-layout-flex wp-block-buttons-is-layout-flex\">\n<div class=\"wp-block-button\"><a class=\"wp-block-button__link wp-element-button\" href=\"mailto:sandra.bullinger@everpharma.com\">Jetzt bewerben<\/a><\/div>\n<\/div>\n\n\n\n<div style=\"height:100px\" aria-hidden=\"true\" class=\"wp-block-spacer\"><\/div>\n\n\n\n<hr class=\"wp-block-separator has-alpha-channel-opacity\" \/>\n\n\n\n<p class=\"has-theme-red-color has-text-color has-link-color has-md-font-size wp-elements-bf055dd70f68b10219eab9b5bad0eabf\"><strong><strong><strong><strong>JOIN OUR TEAM \u2013 Therapiespezialist (m\/w\/d) Neurologie \/ ZNS \/ Morbus Parkinson<\/strong><\/strong><\/strong><\/strong><\/p>\n\n\n\n<p><strong>Einsatzregion: <\/strong>Ruhrgebiet<\/p>\n\n\n\n<p>Zur Verst\u00e4rkung unseres<strong>\u00a0<strong>D-mine\u00ae Care Service<\/strong>\u00a0<\/strong>suchen wir bei<strong>\u00a0<strong>EVER Pharma<\/strong>\u00a0<\/strong>engagierte<strong>\u00a0<strong>Therapiespezialist:innen (m\/w\/d)<\/strong>\u00a0<\/strong>zur Betreuung von Patient:innen im Bereich\u00a0<strong><strong>Neurologie mit Schwerpunkt ZNS und Morbus Parkinson<\/strong>.<\/strong><\/p>\n\n\n\n<p><strong><strong><strong><strong>Ihre Aufgabenschwerpunkte<\/strong><\/strong><\/strong><\/strong><\/p>\n\n\n\n<ul class=\"wp-block-list\">\n<li>Sicherstellung einer fachgerechten und qualit\u00e4tsgesicherten Versorgung von Parkinson-Patient:innen<\/li>\n\n\n\n<li>Einweisung, Beratung und Nachbetreuung der Patient:innen und Betreuungspersonen im sachgerechten Umgang mit Hilfsmitteln (Pumpen und Pens zur Parkinsontherapie)<\/li>\n\n\n\n<li>Begleitung von Therapieeinf\u00fchrungen in Kliniken sowie Unterst\u00fctzung der Anwendung im h\u00e4uslichen Umfeld<\/li>\n\n\n\n<li>Kompetente Ansprechperson f\u00fcr \u00c4rzt:innen, Pflegepersonal und Angeh\u00f6rige<\/li>\n\n\n\n<li>Durchf\u00fchrung von Schulungen und Fortbildungen zur sicheren Handhabung unserer Produkte<\/li>\n\n\n\n<li>Eigenverantwortliche Planung und Organisation der Eins\u00e4tze zur optimalen Unterst\u00fctzung der Patient:innen<\/li>\n<\/ul>\n\n\n\n<div style=\"height:35px\" aria-hidden=\"true\" class=\"wp-block-spacer\"><\/div>\n\n\n\n<p><strong><strong><strong><strong><strong>Ihr Profil<\/strong><\/strong><\/strong><\/strong><\/strong><\/p>\n\n\n\n<ul class=\"wp-block-list\">\n<li>Ausbildung als Gesundheits- und Krankenpfleger:in oder vergleichbare medizinische Qualifikation<\/li>\n\n\n\n<li><strong>Erfahrung im Au\u00dfendienst ist von Vorteil<\/strong><\/li>\n\n\n\n<li><strong>Erfahrung im neurologischen Bereich, idealerweise Parkinson oder Multiple Sklerose, ist w\u00fcnschenswert, aber kein Ausschlusskriterium<\/strong><\/li>\n\n\n\n<li>Ausgepr\u00e4gte Kommunikationsst\u00e4rke, Empathie und Verantwortungsbewusstsein<\/li>\n\n\n\n<li>Selbstst\u00e4ndige, strukturierte und l\u00f6sungsorientierte Arbeitsweise<\/li>\n\n\n\n<li>Reisebereitschaft (inkl. \u00dcbernachtungen) sowie F\u00fchrerschein Klasse B<\/li>\n\n\n\n<li><strong>Wohnort: zentrales Ruhrgebiet<\/strong><\/li>\n<\/ul>\n\n\n\n<div style=\"height:35px\" aria-hidden=\"true\" class=\"wp-block-spacer\"><\/div>\n\n\n\n<p><strong><strong><strong><strong><strong><strong>Unser Angebot<\/strong><\/strong><\/strong><\/strong><\/strong><\/strong><\/p>\n\n\n\n<ul class=\"wp-block-list\">\n<li>Anspruchsvolle und vielseitige T\u00e4tigkeit im Rahmen unseres\u00a0<strong>D-mine\u00ae Care Service<\/strong>\u00a0in einem zukunftsorientierten Umfeld<\/li>\n\n\n\n<li><strong>Gr\u00fcndliche, individuelle Einarbeitung<\/strong>\u00a0mit regelm\u00e4\u00dfigen Feedbackrunden und fachlicher Begleitung<\/li>\n\n\n\n<li><strong>Attraktives Verg\u00fctungsmodell<\/strong>\u00a0mit modernen Arbeitsmitteln und neutralem Firmenfahrzeug zur privaten Nutzung<\/li>\n\n\n\n<li><strong>Wertsch\u00e4tzende Unternehmenskultur<\/strong>\u00a0mit Kollegialit\u00e4t, Teamgeist und einem motivierten, erfahrenen Team<\/li>\n\n\n\n<li>Kontinuierliche Unterst\u00fctzung bei Ihrer pers\u00f6nlichen und fachlichen Weiterentwicklung<\/li>\n<\/ul>\n\n\n\n<div style=\"height:35px\" aria-hidden=\"true\" class=\"wp-block-spacer\"><\/div>\n\n\n\n<p class=\"has-theme-red-color has-text-color has-link-color has-md-font-size wp-elements-1df02996cf82649f28bcac5e2d804e3f\"><strong>Der Gesundheit verpflichtet.<\/strong><\/p>\n\n\n\n<p>Ihr Ansprechpartner:<br><strong><strong>Tobias Petzold<\/strong><\/strong><br><em>Teamleitung Therapiespezialisten Dacepton\u00ae Therapie<\/em><br><br>Mobile: +49 151 20 36 06 09<\/p>\n\n\n\n<p>E-Mail:\u00a0<a href=\"mailto:tobias.petzold@everpharma.com\">tobias.petzold@everpharma.com<\/a><\/p>\n\n\n\n<div style=\"height:100px\" aria-hidden=\"true\" class=\"wp-block-spacer\"><\/div>\n\n\n\n<p><\/p>\n","protected":false},"excerpt":{"rendered":"<p>Arbeiten bei EVER Pharma GmbH Unsere Mitarbeiter sind die S\u00e4ulen unseres Erfolgs. Bei EVER Pharma steht das Wohlergehen des Patienten im Mittelpunkt unseres Handelns. Das gibt unserer t\u00e4glichen Arbeit einen Sinn und stellt die Essenz unseres Engagements f\u00fcr die Gesundheit dar! Toleranz, respektvoller Umgang miteinander, transparente F\u00fchrungsstrukturen, kurze Entscheidungswege und teamorientiertes Handeln sind bei uns &hellip; <a href=\"https:\/\/www.everpharma.com\/ger\/karriere\/\">Continued<\/a><\/p>\n","protected":false},"author":2,"featured_media":0,"parent":0,"menu_order":11,"comment_status":"closed","ping_status":"closed","template":"","meta":{"_acf_changed":false,"footnotes":""},"class_list":["post-199","page","type-page","status-publish","hentry"],"yoast_head":"<!-- This site is optimized with the Yoast SEO plugin v27.4 - https:\/\/yoast.com\/product\/yoast-seo-wordpress\/ -->\n<title>Karriere - EVER Pharma Germany<\/title>\n<meta name=\"robots\" content=\"index, follow, max-snippet:-1, max-image-preview:large, max-video-preview:-1\" \/>\n<link rel=\"canonical\" href=\"https:\/\/www.everpharma.com\/ger\/karriere\/\" \/>\n<meta property=\"og:locale\" content=\"de_DE\" \/>\n<meta property=\"og:type\" content=\"article\" \/>\n<meta property=\"og:title\" content=\"Karriere - EVER Pharma Germany\" \/>\n<meta property=\"og:description\" content=\"Arbeiten bei EVER Pharma GmbH Unsere Mitarbeiter sind die S\u00e4ulen unseres Erfolgs. Bei EVER Pharma steht das Wohlergehen des Patienten im Mittelpunkt unseres Handelns. Das gibt unserer t\u00e4glichen Arbeit einen Sinn und stellt die Essenz unseres Engagements f\u00fcr die Gesundheit dar! Toleranz, respektvoller Umgang miteinander, transparente F\u00fchrungsstrukturen, kurze Entscheidungswege und teamorientiertes Handeln sind bei uns &hellip; Continued\" \/>\n<meta property=\"og:url\" content=\"https:\/\/www.everpharma.com\/ger\/karriere\/\" \/>\n<meta property=\"og:site_name\" content=\"EVER Pharma Germany\" \/>\n<meta property=\"article:modified_time\" content=\"2026-04-16T19:41:50+00:00\" \/>\n<meta name=\"twitter:card\" content=\"summary_large_image\" \/>\n<meta name=\"twitter:label1\" content=\"Gesch\u00e4tzte Lesezeit\" \/>\n\t<meta name=\"twitter:data1\" content=\"4\u00a0Minuten\" \/>\n<script type=\"application\/ld+json\" class=\"yoast-schema-graph\">{\"@context\":\"https:\\\/\\\/schema.org\",\"@graph\":[{\"@type\":\"WebPage\",\"@id\":\"https:\\\/\\\/www.everpharma.com\\\/ger\\\/karriere\\\/\",\"url\":\"https:\\\/\\\/www.everpharma.com\\\/ger\\\/karriere\\\/\",\"name\":\"Karriere - EVER Pharma Germany\",\"isPartOf\":{\"@id\":\"https:\\\/\\\/www.everpharma.com\\\/ger\\\/#website\"},\"datePublished\":\"2021-06-16T17:18:12+00:00\",\"dateModified\":\"2026-04-16T19:41:50+00:00\",\"breadcrumb\":{\"@id\":\"https:\\\/\\\/www.everpharma.com\\\/ger\\\/karriere\\\/#breadcrumb\"},\"inLanguage\":\"de\",\"potentialAction\":[{\"@type\":\"ReadAction\",\"target\":[\"https:\\\/\\\/www.everpharma.com\\\/ger\\\/karriere\\\/\"]}]},{\"@type\":\"BreadcrumbList\",\"@id\":\"https:\\\/\\\/www.everpharma.com\\\/ger\\\/karriere\\\/#breadcrumb\",\"itemListElement\":[{\"@type\":\"ListItem\",\"position\":1,\"name\":\"Startseite\",\"item\":\"https:\\\/\\\/www.everpharma.com\\\/ger\\\/\"},{\"@type\":\"ListItem\",\"position\":2,\"name\":\"Karriere\"}]},{\"@type\":\"WebSite\",\"@id\":\"https:\\\/\\\/www.everpharma.com\\\/ger\\\/#website\",\"url\":\"https:\\\/\\\/www.everpharma.com\\\/ger\\\/\",\"name\":\"EVER Pharma Germany\",\"description\":\"Der Gesundheit verpflichtet.\",\"potentialAction\":[{\"@type\":\"SearchAction\",\"target\":{\"@type\":\"EntryPoint\",\"urlTemplate\":\"https:\\\/\\\/www.everpharma.com\\\/ger\\\/?s={search_term_string}\"},\"query-input\":{\"@type\":\"PropertyValueSpecification\",\"valueRequired\":true,\"valueName\":\"search_term_string\"}}],\"inLanguage\":\"de\"}]}<\/script>\n<!-- \/ Yoast SEO plugin. -->","yoast_head_json":{"title":"Karriere - EVER Pharma Germany","robots":{"index":"index","follow":"follow","max-snippet":"max-snippet:-1","max-image-preview":"max-image-preview:large","max-video-preview":"max-video-preview:-1"},"canonical":"https:\/\/www.everpharma.com\/ger\/karriere\/","og_locale":"de_DE","og_type":"article","og_title":"Karriere - EVER Pharma Germany","og_description":"Arbeiten bei EVER Pharma GmbH Unsere Mitarbeiter sind die S\u00e4ulen unseres Erfolgs. Bei EVER Pharma steht das Wohlergehen des Patienten im Mittelpunkt unseres Handelns. Das gibt unserer t\u00e4glichen Arbeit einen Sinn und stellt die Essenz unseres Engagements f\u00fcr die Gesundheit dar! Toleranz, respektvoller Umgang miteinander, transparente F\u00fchrungsstrukturen, kurze Entscheidungswege und teamorientiertes Handeln sind bei uns &hellip; Continued","og_url":"https:\/\/www.everpharma.com\/ger\/karriere\/","og_site_name":"EVER Pharma Germany","article_modified_time":"2026-04-16T19:41:50+00:00","twitter_card":"summary_large_image","twitter_misc":{"Gesch\u00e4tzte Lesezeit":"4\u00a0Minuten"},"schema":{"@context":"https:\/\/schema.org","@graph":[{"@type":"WebPage","@id":"https:\/\/www.everpharma.com\/ger\/karriere\/","url":"https:\/\/www.everpharma.com\/ger\/karriere\/","name":"Karriere - EVER Pharma Germany","isPartOf":{"@id":"https:\/\/www.everpharma.com\/ger\/#website"},"datePublished":"2021-06-16T17:18:12+00:00","dateModified":"2026-04-16T19:41:50+00:00","breadcrumb":{"@id":"https:\/\/www.everpharma.com\/ger\/karriere\/#breadcrumb"},"inLanguage":"de","potentialAction":[{"@type":"ReadAction","target":["https:\/\/www.everpharma.com\/ger\/karriere\/"]}]},{"@type":"BreadcrumbList","@id":"https:\/\/www.everpharma.com\/ger\/karriere\/#breadcrumb","itemListElement":[{"@type":"ListItem","position":1,"name":"Startseite","item":"https:\/\/www.everpharma.com\/ger\/"},{"@type":"ListItem","position":2,"name":"Karriere"}]},{"@type":"WebSite","@id":"https:\/\/www.everpharma.com\/ger\/#website","url":"https:\/\/www.everpharma.com\/ger\/","name":"EVER Pharma Germany","description":"Der Gesundheit verpflichtet.","potentialAction":[{"@type":"SearchAction","target":{"@type":"EntryPoint","urlTemplate":"https:\/\/www.everpharma.com\/ger\/?s={search_term_string}"},"query-input":{"@type":"PropertyValueSpecification","valueRequired":true,"valueName":"search_term_string"}}],"inLanguage":"de"}]}},"acf":[],"_links":{"self":[{"href":"https:\/\/www.everpharma.com\/ger\/wp-json\/wp\/v2\/pages\/199","targetHints":{"allow":["GET"]}}],"collection":[{"href":"https:\/\/www.everpharma.com\/ger\/wp-json\/wp\/v2\/pages"}],"about":[{"href":"https:\/\/www.everpharma.com\/ger\/wp-json\/wp\/v2\/types\/page"}],"author":[{"embeddable":true,"href":"https:\/\/www.everpharma.com\/ger\/wp-json\/wp\/v2\/users\/2"}],"replies":[{"embeddable":true,"href":"https:\/\/www.everpharma.com\/ger\/wp-json\/wp\/v2\/comments?post=199"}],"version-history":[{"count":66,"href":"https:\/\/www.everpharma.com\/ger\/wp-json\/wp\/v2\/pages\/199\/revisions"}],"predecessor-version":[{"id":2777,"href":"https:\/\/www.everpharma.com\/ger\/wp-json\/wp\/v2\/pages\/199\/revisions\/2777"}],"wp:attachment":[{"href":"https:\/\/www.everpharma.com\/ger\/wp-json\/wp\/v2\/media?parent=199"}],"curies":[{"name":"wp","href":"https:\/\/api.w.org\/{rel}","templated":true}]}}