{"id":1057,"date":"2021-06-23T19:54:41","date_gmt":"2021-06-23T19:54:41","guid":{"rendered":"https:\/\/www.everpharma.com\/ger\/?page_id=1057"},"modified":"2026-04-07T08:56:28","modified_gmt":"2026-04-07T06:56:28","slug":"kontakt","status":"publish","type":"page","link":"https:\/\/www.everpharma.com\/ger\/kontakt\/","title":{"rendered":"Kontakt"},"content":{"rendered":"\n<h2 class=\"wp-block-heading is-style-page-title\" id=\"kontaktieren-sie-uns\">Kontaktieren Sie uns <\/h2>\n\n\n\n<div style=\"height:10px\" aria-hidden=\"true\" class=\"wp-block-spacer\"><\/div>\n\n\n\n<div class=\"wp-block-columns is-layout-flex wp-container-core-columns-is-layout-9d6595d7 wp-block-columns-is-layout-flex\">\n<div class=\"wp-block-column is-layout-flow wp-block-column-is-layout-flow\" style=\"flex-basis:50%\">\n<p>Wir freuen uns, von Ihnen zu h\u00f6ren.<\/p>\n\n\n\n<p>Lassen Sie uns wissen, ob wir uns treu bleiben. &nbsp;<\/p>\n\n\n\n<p>Bei jeglichen Anliegen wie Bestellungen, Retouren, Fragen, Anmerkungen oder Meldungen zu unerw\u00fcnschten Arzneimittelwirkungen k\u00f6nnen Sie uns gerne und jederzeit eine Nachricht zukommen lassen.<\/p>\n<\/div>\n\n\n\n<div class=\"wp-block-column is-layout-flow wp-block-column-is-layout-flow\" style=\"flex-basis:50%\">\n<p><\/p>\n<\/div>\n<\/div>\n\n\n\n<div style=\"height:30px\" aria-hidden=\"true\" class=\"wp-block-spacer\"><\/div>\n\n\n\n<div class=\"wp-block-columns is-layout-flex wp-container-core-columns-is-layout-9d6595d7 wp-block-columns-is-layout-flex\">\n<div class=\"wp-block-column is-layout-flow wp-block-column-is-layout-flow\">\n<div class=\"wp-block-group is-style-card has-theme-white-color has-theme-red-background-color has-text-color has-background\"><div class=\"wp-block-group__inner-container is-layout-flow wp-block-group-is-layout-flow\">\n<h4 class=\"wp-block-heading\" id=\"ever-pharma-gmbh\">EVER Pharma GmbH<\/h4>\n\n\n\n<p><em>Vormals Amneal Deutschland GmbH<\/em><\/p>\n\n\n\n<p>Oppelner Stra\u00dfe 5<br>82194 Gr\u00f6benzell, Deutschland<\/p>\n\n\n\n<p>Tel.:&nbsp;+49 8142 42 22 50<br>Fax: +49 8142 42 22 529<br>Email:&nbsp;<a href=\"mailto:info.de@everpharma.com\" data-type=\"mailto\" data-id=\"mailto:info.de@everpharma.com\">info.de@everpharma.com<\/a><\/p>\n<\/div><\/div>\n<\/div>\n\n\n\n<div class=\"wp-block-column is-layout-flow wp-block-column-is-layout-flow\">\n<div class=\"wp-block-group is-style-card has-theme-white-color has-theme-red-dark-background-color has-text-color has-background\"><div class=\"wp-block-group__inner-container is-layout-flow wp-block-group-is-layout-flow\">\n<h4 class=\"wp-block-heading\" id=\"d-mine-care-patienten-service\">D-mine<strong>\u00ae<\/strong> Care Patienten-Service <\/h4>\n\n\n\n<p><strong>24h Technischer Service: +49 8142 42 22 52 &#8211; 10<\/strong><\/p>\n\n\n\n<p>Oppelner Stra\u00dfe 5<br>82194 Gr\u00f6benzell, Deutschland<\/p>\n\n\n\n<p>Tel.: +49 8142 42 22 52 30 <br>Fax: +49 8142 42 22 52 31 <br>Email:&nbsp;<a href=\"mailto:IDGroebenzell@everpharma.com\">IDGroebenzell@everpharma.com<\/a>  <\/p>\n<\/div><\/div>\n<\/div>\n<\/div>\n\n\n\n<div style=\"height:50px\" aria-hidden=\"true\" class=\"wp-block-spacer\"><\/div>\n\n\n\n<div class=\"wp-block-group alignfull has-theme-light-gray-background-color has-background\"><div class=\"wp-block-group__inner-container is-layout-flow wp-block-group-is-layout-flow\">\n<div style=\"height:50px\" aria-hidden=\"true\" class=\"wp-block-spacer\"><\/div>\n\n\n\n<h2 class=\"wp-block-heading is-style-section-title\" id=\"bestellungen\">Bestellungen<\/h2>\n\n\n\n<div class=\"wp-block-columns is-layout-flex wp-container-core-columns-is-layout-9d6595d7 wp-block-columns-is-layout-flex\">\n<div class=\"wp-block-column is-layout-flow wp-block-column-is-layout-flow\">\n<div class=\"wp-block-columns are-vertically-aligned-center is-layout-flex wp-container-core-columns-is-layout-9d6595d7 wp-block-columns-is-layout-flex\">\n<div class=\"wp-block-column is-vertically-aligned-center is-layout-flow wp-block-column-is-layout-flow\" style=\"flex-basis:100px\">\n<div class=\"wp-block-wpco-svg-icon wp-block-svg-icon has-theme-red-color\" style=\"justify-content:center;align-items:center\"><div style=\"width:56%;height:auto\"><\/div><\/div>\n<\/div>\n\n\n\n<div class=\"wp-block-column is-vertically-aligned-center is-layout-flow wp-block-column-is-layout-flow\" style=\"flex-basis:66.66%\">\n<p>Tel.: +49 8142 42 22 522<br>Fax: +49 8142 42 22 525 oder +49 180 11 84 070<\/p>\n<\/div>\n<\/div>\n<\/div>\n\n\n\n<div class=\"wp-block-column is-layout-flow wp-block-column-is-layout-flow\">\n<div class=\"wp-block-columns are-vertically-aligned-center is-layout-flex wp-container-core-columns-is-layout-9d6595d7 wp-block-columns-is-layout-flex\">\n<div class=\"wp-block-column is-vertically-aligned-center is-layout-flow wp-block-column-is-layout-flow\" style=\"flex-basis:100px\">\n<div class=\"wp-block-wpco-svg-icon wp-block-svg-icon has-theme-red-color\" style=\"justify-content:center;align-items:center\"><div style=\"width:75%;height:auto\"><\/div><\/div>\n<\/div>\n\n\n\n<div class=\"wp-block-column is-vertically-aligned-center is-layout-flow wp-block-column-is-layout-flow\" style=\"flex-basis:66.66%\">\n<p>E-Mail:&nbsp;<a href=\"mailto:bestellung.de@everpharma.com\">bestellung.de@everpharma.com<\/a><\/p>\n<\/div>\n<\/div>\n<\/div>\n<\/div>\n\n\n\n<div style=\"height:50px\" aria-hidden=\"true\" class=\"wp-block-spacer\"><\/div>\n\n\n\n<h2 class=\"wp-block-heading is-style-section-title\" id=\"bestellungen\">Retouren<\/h2>\n\n\n\n<div class=\"wp-block-columns are-vertically-aligned-center is-layout-flex wp-container-core-columns-is-layout-9d6595d7 wp-block-columns-is-layout-flex\">\n<div class=\"wp-block-column is-vertically-aligned-center is-layout-flow wp-block-column-is-layout-flow\" style=\"flex-basis:100px\">\n<div class=\"wp-block-wpco-svg-icon wp-block-svg-icon has-theme-red-color\" style=\"justify-content:center;align-items:center\"><div style=\"width:75%;height:auto\"><\/div><\/div>\n<\/div>\n\n\n\n<div class=\"wp-block-column is-vertically-aligned-center is-layout-flow wp-block-column-is-layout-flow\" style=\"flex-basis:66.66%\">\n<p>E-Mail:&nbsp;<a href=\"mailto:kundenservice.de@everpharma.com\">kundenservice.de@everpharma.com<\/a><\/p>\n<\/div>\n<\/div>\n\n\n\n<h2 class=\"wp-block-heading is-style-section-title\" id=\"bestellungen\">Gro\u00dfhandelserlaubnis und GDP-Zertifikat<\/h2>\n\n\n\n<div class=\"wp-block-columns is-layout-flex wp-container-core-columns-is-layout-9d6595d7 wp-block-columns-is-layout-flex\">\n<div class=\"wp-block-column is-layout-flow wp-block-column-is-layout-flow\">\n<div class=\"wp-block-buttons is-layout-flex wp-block-buttons-is-layout-flex\">\n<div class=\"wp-block-button has-custom-width wp-block-button__width-100\"><a class=\"wp-block-button__link no-border-radius wp-element-button\" href=\"https:\/\/www.everpharma.com\/ger\/wp-content\/uploads\/sites\/4\/2026\/04\/GH-Erlaubnisurkunde.pdf\">Gro\u00dfhandelserlaubnis EVER Pharma GmbH 2026<\/a><\/div>\n\n\n\n<div class=\"wp-block-button has-custom-width wp-block-button__width-100\"><a class=\"wp-block-button__link no-border-radius wp-element-button\" href=\"https:\/\/www.everpharma.com\/ger\/wp-content\/uploads\/sites\/4\/2026\/04\/GDP-Zertifikat-low.pdf\">GDP-Tertifikat 2026<\/a><\/div>\n<\/div>\n<\/div>\n\n\n\n<div class=\"wp-block-column is-layout-flow wp-block-column-is-layout-flow\">\n<p class=\"has-md-font-size\"><\/p>\n<\/div>\n<\/div>\n\n\n\n<div style=\"height:50px\" aria-hidden=\"true\" class=\"wp-block-spacer\"><\/div>\n<\/div><\/div>\n\n\n\n<div style=\"height:10px\" aria-hidden=\"true\" class=\"wp-block-spacer\"><\/div>\n\n\n\n<h2 class=\"wp-block-heading is-style-section-title\" id=\"anfahrt\">Anfahrt<\/h2>\n\n\n\n<p class=\"has-md-font-size\">Besuchen Sie uns in Gr\u00f6benzell<\/p>\n\n\n\n<div class=\"wp-block-columns is-layout-flex wp-container-core-columns-is-layout-9d6595d7 wp-block-columns-is-layout-flex\">\n<div class=\"wp-block-column is-layout-flow wp-block-column-is-layout-flow\">\n<p class=\"has-base-font-size\"><strong>Mit dem Auto<\/strong><\/p>\n\n\n\n<p><strong>Von der A99 (Autobahnring M\u00fcnchen) kommend:<\/strong><br>Fahren Sie auf der A99 in Richtung Lindau \/ Kreuz M\u00fcnchen-West (nicht in Richtung Stuttgart). Verlassen Sie die Autobahn nach dem Kreuz M\u00fcnchen-West \u00fcber die Ausfahrt Lochhausen und fahren in Richtung Gr\u00f6benzell (Lochhausener Stra\u00dfe, diese wird sp\u00e4ter zur Olchinger Stra\u00dfe). Nach etwa 3,5 km biegen Sie an der Total-Tankstelle rechts in die Stra\u00dfe Am Zillerhof ab und gleich danach wieder links in die Oppelner Stra\u00dfe ein.<\/p>\n\n\n\n<p><\/p>\n\n\n\n<div style=\"height:20px\" aria-hidden=\"true\" class=\"wp-block-spacer\"><\/div>\n\n\n\n<p><\/p>\n\n\n\n<p class=\"has-base-font-size\"><strong>Mit \u00f6ffentlichen Verkehrsmittel:<\/strong><\/p>\n\n\n\n<p><strong>Vom Flughafen:<\/strong><br>Fahren Sie mit der S1 in Richtung Ostbahnhof M\u00fcnchen bis zur Station \u201eLaim\u201c. Wechseln Sie hier in die S3 in Richtung Maisach bzw. Mammendorf und fahren Sie bis zum Halt \u201eLochhausen\u201c. Nehmen Sie hier den Bus 830 in Richtung Puchheim (Nord) bis zur Haltestelle \u201eGr\u00f6benzell, Am Zillerhof\u201c. Von hier gehen Sie bis zur Ampel zur\u00fcck und biegen zweimal links ab, bis Sie die Oppelner Stra\u00dfe erreichen.<\/p>\n\n\n\n<div style=\"height:20px\" aria-hidden=\"true\" class=\"wp-block-spacer\"><\/div>\n\n\n\n<div class=\"wp-block-buttons is-layout-flex wp-block-buttons-is-layout-flex\">\n<div class=\"wp-block-button\"><a class=\"wp-block-button__link no-border-radius wp-element-button\" href=\"https:\/\/www.everpharma.com\/ger\/wp-content\/uploads\/sites\/4\/2022\/10\/EVER-Anfahrt.pdf\">EVER-Anfahrt<\/a><\/div>\n<\/div>\n<\/div>\n\n\n\n<div class=\"wp-block-column is-layout-flow wp-block-column-is-layout-flow\">\n<div style=\"height:40px\" aria-hidden=\"true\" class=\"wp-block-spacer\"><\/div>\n\n\n\n<p><strong>Vom Mittleren Ring (2R) kommend:<\/strong><br>Fahren Sie vom Mittleren Ring auf die A96 in Richtung Lindau. Biegen Sie am Kreuz M\u00fcnchen-S\u00fcd-West auf die A99 in Richtung N\u00fcrnberg \/ Stuttgart ab. Verlassen Sie die Autobahn nach dem Tunnel an der Ausfahrt Lochhausen und fahren in Richtung Gr\u00f6benzell Lochhausener Stra\u00dfe, diese wird sp\u00e4ter zur Olchinger Stra\u00dfe). Nach etwa 3,5 km biegen Sie an der Total-Tankstelle rechts in die Stra\u00dfe Am Zillerhof ab und danach wieder links auf die Oppelner Stra\u00dfe ein.<\/p>\n\n\n\n<div style=\"height:20px\" aria-hidden=\"true\" class=\"wp-block-spacer\"><\/div>\n\n\n\n<div style=\"height:40px\" aria-hidden=\"true\" class=\"wp-block-spacer\"><\/div>\n\n\n\n<p><strong>Vom Hauptbahnhof oder M\u00fcnchen-Pasing:<\/strong><br>Fahren Sie mit der S3 in Richtung Maisach bzw. Mammendorf bis zur Station \u201eLochhausen\u201c. Steigen Sie hier in den Bus 830 in Richtung Puchheim (Nord) und fahren Sie bis zur Station \u201eGr\u00f6benzell, Am Zillerhof\u201c. Von hier gehen Sie bis zur Ampel zur\u00fcck und biegen zweimal links ab, bis Sie die Oppelner Stra\u00dfe erreichen.<\/p>\n<\/div>\n<\/div>\n\n\n\n<div style=\"height:100px\" aria-hidden=\"true\" class=\"wp-block-spacer\"><\/div>\n","protected":false},"excerpt":{"rendered":"<p>Kontaktieren Sie uns Wir freuen uns, von Ihnen zu h\u00f6ren. Lassen Sie uns wissen, ob wir uns treu bleiben. &nbsp; Bei jeglichen Anliegen wie Bestellungen, Retouren, Fragen, Anmerkungen oder Meldungen zu unerw\u00fcnschten Arzneimittelwirkungen k\u00f6nnen Sie uns gerne und jederzeit eine Nachricht zukommen lassen. EVER Pharma GmbH Vormals Amneal Deutschland GmbH Oppelner Stra\u00dfe 582194 Gr\u00f6benzell, Deutschland &hellip; <a href=\"https:\/\/www.everpharma.com\/ger\/kontakt\/\">Continued<\/a><\/p>\n","protected":false},"author":2,"featured_media":0,"parent":0,"menu_order":14,"comment_status":"closed","ping_status":"closed","template":"","meta":{"_acf_changed":false,"footnotes":""},"class_list":["post-1057","page","type-page","status-publish","hentry"],"yoast_head":"<!-- This site is optimized with the Yoast SEO plugin v27.4 - https:\/\/yoast.com\/product\/yoast-seo-wordpress\/ -->\n<title>Kontakt - EVER Pharma Germany<\/title>\n<meta name=\"robots\" content=\"index, follow, max-snippet:-1, max-image-preview:large, max-video-preview:-1\" \/>\n<link rel=\"canonical\" href=\"https:\/\/www.everpharma.com\/ger\/kontakt\/\" \/>\n<meta property=\"og:locale\" content=\"de_DE\" \/>\n<meta property=\"og:type\" content=\"article\" \/>\n<meta property=\"og:title\" content=\"Kontakt - EVER Pharma Germany\" \/>\n<meta property=\"og:description\" content=\"Kontaktieren Sie uns Wir freuen uns, von Ihnen zu h\u00f6ren. Lassen Sie uns wissen, ob wir uns treu bleiben. &nbsp; Bei jeglichen Anliegen wie Bestellungen, Retouren, Fragen, Anmerkungen oder Meldungen zu unerw\u00fcnschten Arzneimittelwirkungen k\u00f6nnen Sie uns gerne und jederzeit eine Nachricht zukommen lassen. EVER Pharma GmbH Vormals Amneal Deutschland GmbH Oppelner Stra\u00dfe 582194 Gr\u00f6benzell, Deutschland &hellip; Continued\" \/>\n<meta property=\"og:url\" content=\"https:\/\/www.everpharma.com\/ger\/kontakt\/\" \/>\n<meta property=\"og:site_name\" content=\"EVER Pharma Germany\" \/>\n<meta property=\"article:modified_time\" content=\"2026-04-07T06:56:28+00:00\" \/>\n<meta name=\"twitter:card\" content=\"summary_large_image\" \/>\n<meta name=\"twitter:label1\" content=\"Gesch\u00e4tzte Lesezeit\" \/>\n\t<meta name=\"twitter:data1\" content=\"2\u00a0Minuten\" \/>\n<script type=\"application\/ld+json\" class=\"yoast-schema-graph\">{\"@context\":\"https:\\\/\\\/schema.org\",\"@graph\":[{\"@type\":\"WebPage\",\"@id\":\"https:\\\/\\\/www.everpharma.com\\\/ger\\\/kontakt\\\/\",\"url\":\"https:\\\/\\\/www.everpharma.com\\\/ger\\\/kontakt\\\/\",\"name\":\"Kontakt - EVER Pharma Germany\",\"isPartOf\":{\"@id\":\"https:\\\/\\\/www.everpharma.com\\\/ger\\\/#website\"},\"datePublished\":\"2021-06-23T19:54:41+00:00\",\"dateModified\":\"2026-04-07T06:56:28+00:00\",\"breadcrumb\":{\"@id\":\"https:\\\/\\\/www.everpharma.com\\\/ger\\\/kontakt\\\/#breadcrumb\"},\"inLanguage\":\"de\",\"potentialAction\":[{\"@type\":\"ReadAction\",\"target\":[\"https:\\\/\\\/www.everpharma.com\\\/ger\\\/kontakt\\\/\"]}]},{\"@type\":\"BreadcrumbList\",\"@id\":\"https:\\\/\\\/www.everpharma.com\\\/ger\\\/kontakt\\\/#breadcrumb\",\"itemListElement\":[{\"@type\":\"ListItem\",\"position\":1,\"name\":\"Startseite\",\"item\":\"https:\\\/\\\/www.everpharma.com\\\/ger\\\/\"},{\"@type\":\"ListItem\",\"position\":2,\"name\":\"Kontakt\"}]},{\"@type\":\"WebSite\",\"@id\":\"https:\\\/\\\/www.everpharma.com\\\/ger\\\/#website\",\"url\":\"https:\\\/\\\/www.everpharma.com\\\/ger\\\/\",\"name\":\"EVER Pharma Germany\",\"description\":\"Der Gesundheit verpflichtet.\",\"potentialAction\":[{\"@type\":\"SearchAction\",\"target\":{\"@type\":\"EntryPoint\",\"urlTemplate\":\"https:\\\/\\\/www.everpharma.com\\\/ger\\\/?s={search_term_string}\"},\"query-input\":{\"@type\":\"PropertyValueSpecification\",\"valueRequired\":true,\"valueName\":\"search_term_string\"}}],\"inLanguage\":\"de\"}]}<\/script>\n<!-- \/ Yoast SEO plugin. -->","yoast_head_json":{"title":"Kontakt - EVER Pharma Germany","robots":{"index":"index","follow":"follow","max-snippet":"max-snippet:-1","max-image-preview":"max-image-preview:large","max-video-preview":"max-video-preview:-1"},"canonical":"https:\/\/www.everpharma.com\/ger\/kontakt\/","og_locale":"de_DE","og_type":"article","og_title":"Kontakt - EVER Pharma Germany","og_description":"Kontaktieren Sie uns Wir freuen uns, von Ihnen zu h\u00f6ren. Lassen Sie uns wissen, ob wir uns treu bleiben. &nbsp; Bei jeglichen Anliegen wie Bestellungen, Retouren, Fragen, Anmerkungen oder Meldungen zu unerw\u00fcnschten Arzneimittelwirkungen k\u00f6nnen Sie uns gerne und jederzeit eine Nachricht zukommen lassen. EVER Pharma GmbH Vormals Amneal Deutschland GmbH Oppelner Stra\u00dfe 582194 Gr\u00f6benzell, Deutschland &hellip; Continued","og_url":"https:\/\/www.everpharma.com\/ger\/kontakt\/","og_site_name":"EVER Pharma Germany","article_modified_time":"2026-04-07T06:56:28+00:00","twitter_card":"summary_large_image","twitter_misc":{"Gesch\u00e4tzte Lesezeit":"2\u00a0Minuten"},"schema":{"@context":"https:\/\/schema.org","@graph":[{"@type":"WebPage","@id":"https:\/\/www.everpharma.com\/ger\/kontakt\/","url":"https:\/\/www.everpharma.com\/ger\/kontakt\/","name":"Kontakt - EVER Pharma Germany","isPartOf":{"@id":"https:\/\/www.everpharma.com\/ger\/#website"},"datePublished":"2021-06-23T19:54:41+00:00","dateModified":"2026-04-07T06:56:28+00:00","breadcrumb":{"@id":"https:\/\/www.everpharma.com\/ger\/kontakt\/#breadcrumb"},"inLanguage":"de","potentialAction":[{"@type":"ReadAction","target":["https:\/\/www.everpharma.com\/ger\/kontakt\/"]}]},{"@type":"BreadcrumbList","@id":"https:\/\/www.everpharma.com\/ger\/kontakt\/#breadcrumb","itemListElement":[{"@type":"ListItem","position":1,"name":"Startseite","item":"https:\/\/www.everpharma.com\/ger\/"},{"@type":"ListItem","position":2,"name":"Kontakt"}]},{"@type":"WebSite","@id":"https:\/\/www.everpharma.com\/ger\/#website","url":"https:\/\/www.everpharma.com\/ger\/","name":"EVER Pharma Germany","description":"Der Gesundheit verpflichtet.","potentialAction":[{"@type":"SearchAction","target":{"@type":"EntryPoint","urlTemplate":"https:\/\/www.everpharma.com\/ger\/?s={search_term_string}"},"query-input":{"@type":"PropertyValueSpecification","valueRequired":true,"valueName":"search_term_string"}}],"inLanguage":"de"}]}},"acf":[],"_links":{"self":[{"href":"https:\/\/www.everpharma.com\/ger\/wp-json\/wp\/v2\/pages\/1057","targetHints":{"allow":["GET"]}}],"collection":[{"href":"https:\/\/www.everpharma.com\/ger\/wp-json\/wp\/v2\/pages"}],"about":[{"href":"https:\/\/www.everpharma.com\/ger\/wp-json\/wp\/v2\/types\/page"}],"author":[{"embeddable":true,"href":"https:\/\/www.everpharma.com\/ger\/wp-json\/wp\/v2\/users\/2"}],"replies":[{"embeddable":true,"href":"https:\/\/www.everpharma.com\/ger\/wp-json\/wp\/v2\/comments?post=1057"}],"version-history":[{"count":43,"href":"https:\/\/www.everpharma.com\/ger\/wp-json\/wp\/v2\/pages\/1057\/revisions"}],"predecessor-version":[{"id":2764,"href":"https:\/\/www.everpharma.com\/ger\/wp-json\/wp\/v2\/pages\/1057\/revisions\/2764"}],"wp:attachment":[{"href":"https:\/\/www.everpharma.com\/ger\/wp-json\/wp\/v2\/media?parent=1057"}],"curies":[{"name":"wp","href":"https:\/\/api.w.org\/{rel}","templated":true}]}}