{"id":337,"date":"2021-06-11T07:51:08","date_gmt":"2021-06-11T07:51:08","guid":{"rendered":"https:\/\/www.everpharma.com\/spain\/?page_id=337"},"modified":"2026-02-19T17:37:40","modified_gmt":"2026-02-19T16:37:40","slug":"nuestro-equipo","status":"publish","type":"page","link":"https:\/\/www.everpharma.com\/esp\/nuestro-equipo\/","title":{"rendered":"Nuestro equipo"},"content":{"rendered":"\n<h1 class=\"wp-block-heading is-style-page-title\"><\/h1>\n\n\n\n<div class=\"wp-block-columns is-layout-flex wp-container-core-columns-is-layout-9d6595d7 wp-block-columns-is-layout-flex\">\n<div class=\"wp-block-column is-vertically-aligned-top is-layout-flow wp-block-column-is-layout-flow\" style=\"flex-basis:50%\">\n<p>Gracias a los muchos a\u00f1os de experiencia y a los conocimientos m\u00e9dico-cient\u00edficos de nuestro equipo, podemos ofrecer a los m\u00e9dicos y farmac\u00e9uticos no s\u00f3lo una amplia y eficaz informaci\u00f3n sobre los productos y conceptos terap\u00e9uticos, sino tambi\u00e9n soluciones a los problemas que facilitan el uso de nuestros f\u00e1rmacos.<\/p>\n<\/div>\n\n\n\n<div class=\"wp-block-column is-layout-flow wp-block-column-is-layout-flow\" style=\"flex-basis:50%\"><\/div>\n<\/div>\n\n\n\n<div style=\"height:10px\" aria-hidden=\"true\" class=\"wp-block-spacer\"><\/div>\n\n\n\n<hr class=\"wp-block-separator has-css-opacity is-style-default\" \/>\n\n\n\n<div class=\"wp-block-columns is-layout-flex wp-container-core-columns-is-layout-9d6595d7 wp-block-columns-is-layout-flex\">\n<div class=\"wp-block-column is-layout-flow wp-block-column-is-layout-flow\">\n<div class=\"wp-block-group is-style-card has-theme-white-color has-theme-red-dark-background-color has-text-color has-background\"><div class=\"wp-block-group__inner-container is-layout-flow wp-block-group-is-layout-flow\">\n<h4 class=\"wp-block-heading\">Carmen Alonso<\/h4>\n\n\n\n<p><strong><em>General Manager<\/em><\/strong><\/p>\n\n\n\n<p>Calle Toledo 170<br>28005 Madrid, Spain<\/p>\n\n\n\n<p>Tel.: +34 639 785 704<br>E-Mail: <a href=\"mailto:Carmen.Alonso@everpharma.com\"><a href=\"mailto:info.es@everpharma.com\">info.es@everpharma.com<\/a><\/a><\/p>\n<\/div><\/div>\n<\/div>\n\n\n\n<div class=\"wp-block-column is-layout-flow wp-block-column-is-layout-flow\">\n<div class=\"wp-block-group is-style-card has-theme-white-color has-theme-red-dark-background-color has-text-color has-background\"><div class=\"wp-block-group__inner-container is-layout-flow wp-block-group-is-layout-flow\">\n<h4 class=\"wp-block-heading\">Miguel Leal<\/h4>\n\n\n\n<p><em><strong>Business Operations Manager<\/strong><\/em><\/p>\n\n\n\n<p>Calle Toledo 170<br>28005 Madrid, Spain<\/p>\n\n\n\n<p>Tel.: +34 639 785 704<br>E-Mail: <a href=\"mailto:Miguel.Leal@everpharma.com\"><a href=\"mailto:info.es@everpharma.com\">info.es@everpharma.com<\/a><\/a><\/p>\n\n\n\n<div class=\"wp-block-group\"><div class=\"wp-block-group__inner-container is-layout-constrained wp-block-group-is-layout-constrained\"><\/div><\/div>\n<\/div><\/div>\n<\/div>\n\n\n\n<div class=\"wp-block-column is-layout-flow wp-block-column-is-layout-flow\">\n<div class=\"wp-block-group is-style-card has-theme-white-color has-theme-red-dark-background-color has-text-color has-background\"><div class=\"wp-block-group__inner-container is-layout-flow wp-block-group-is-layout-flow\">\n<h4 class=\"wp-block-heading\">Maria Izquierdo<\/h4>\n\n\n\n<p><em><strong>Marketing Manager<\/strong><\/em><\/p>\n\n\n\n<p>Calle Toledo 170<br>28005 Madrid, Spain<\/p>\n\n\n\n<p>Tel.: +34 639 785 704<br>E-Mail: <a href=\"mailto:Miguel.Leal@everpharma.com\"><\/a><a href=\"mailto:maria.izquierdo@everpharma.com\"><a href=\"mailto:info.es@everpharma.com\">info.es@everpharma.com<\/a><\/a><\/p>\n\n\n\n<div class=\"wp-block-group\"><div class=\"wp-block-group__inner-container is-layout-constrained wp-block-group-is-layout-constrained\"><\/div><\/div>\n<\/div><\/div>\n<\/div>\n\n\n\n<div class=\"wp-block-column is-layout-flow wp-block-column-is-layout-flow\">\n<div class=\"wp-block-group is-style-card has-theme-white-color has-theme-red-dark-background-color has-text-color has-background\"><div class=\"wp-block-group__inner-container is-layout-flow wp-block-group-is-layout-flow\">\n<h4 class=\"wp-block-heading\">Maria Paz Morales Barroso<\/h4>\n\n\n\n<p><em><strong>D-mine Care PSP Coordinator<\/strong><\/em><\/p>\n\n\n\n<p>Calle Toledo 170<br>28005 Madrid, Spain<\/p>\n\n\n\n<p>Tel.: +34 639 785 704<br>E-Mail: <a href=\"mailto:Miguel.Leal@everpharma.com\"><\/a><a href=\"mailto:maria.izquierdo@everpharma.com\"><a href=\"mailto:info.es@everpharma.com\">info.es@everpharma.com<\/a><\/a><\/p>\n\n\n\n<div class=\"wp-block-group\"><div class=\"wp-block-group__inner-container is-layout-constrained wp-block-group-is-layout-constrained\"><\/div><\/div>\n<\/div><\/div>\n<\/div>\n<\/div>\n\n\n\n<div class=\"wp-block-columns are-vertically-aligned-center is-layout-flex wp-container-core-columns-is-layout-9d6595d7 wp-block-columns-is-layout-flex\">\n<div class=\"wp-block-column is-layout-flow wp-block-column-is-layout-flow\">\n<h2 class=\"wp-block-heading is-style-section-title\">Nuestro equipo de campo<\/h2>\n<\/div>\n<\/div>\n\n\n\n<div class=\"wp-block-columns is-layout-flex wp-container-core-columns-is-layout-9d6595d7 wp-block-columns-is-layout-flex\">\n<div class=\"wp-block-column is-layout-flow wp-block-column-is-layout-flow\">\n<div class=\"wp-block-group is-style-card has-theme-white-color has-theme-red-darker-background-color has-text-color has-background\"><div class=\"wp-block-group__inner-container is-layout-flow wp-block-group-is-layout-flow\">\n<h4 class=\"wp-block-heading\">Raul Jim\u00e9nez Quesada<\/h4>\n\n\n\n<p><\/p>\n\n\n\n<p><em>Commercial Manager Hospital Line<\/em><\/p>\n\n\n\n<p>EVER Pharma Therapeutics Spain SL<br>Calle Toledo 170<br>28005 Madrid, Spain<\/p>\n\n\n\n<p>Tel.: +34 639 785 704<br>E-Mail: <a href=\"mailto:MariaDolores.Sanchez@everpharma.com\"><\/a><a href=\"mailto:raul.jimenez@everpharma.com\"><a href=\"mailto:info.es@everpharma.com\">info.es@everpharma.com<\/a><\/a><\/p>\n<\/div><\/div>\n<\/div>\n\n\n\n<div class=\"wp-block-column is-layout-flow wp-block-column-is-layout-flow\">\n<div class=\"wp-block-group is-style-card has-theme-white-color has-theme-red-darker-background-color has-text-color has-background\"><div class=\"wp-block-group__inner-container is-layout-flow wp-block-group-is-layout-flow\">\n<h4 class=\"wp-block-heading\">Mar\u00eda Dolores S\u00e1nchez L\u00e1zaro<\/h4>\n\n\n\n<p><em>Regional Account Manager Hospital Line &#8211; Regi\u00f3n Noroeste<\/em><\/p>\n\n\n\n<p>EVER Pharma Therapeutics Spain SL<br>Calle Toledo 170<br>28005 Madrid, Spain<\/p>\n\n\n\n<p>Tel.: +34 639 785 704<br>E-Mail: <a href=\"mailto:MariaDolores.Sanchez@everpharma.com\"><a href=\"mailto:info.es@everpharma.com\">info.es@everpharma.com<\/a><\/a><\/p>\n<\/div><\/div>\n<\/div>\n\n\n\n<div class=\"wp-block-column is-layout-flow wp-block-column-is-layout-flow\">\n<div class=\"wp-block-group is-style-card has-theme-white-color has-theme-red-darker-background-color has-text-color has-background\"><div class=\"wp-block-group__inner-container is-layout-flow wp-block-group-is-layout-flow\">\n<h4 class=\"wp-block-heading\">Jose Mar\u00eda Moreno P\u00e9rez<\/h4>\n\n\n\n<p><em>Regional Account Manager <em>Hospital Line<\/em> &#8211; Regi\u00f3n Sur<\/em><\/p>\n\n\n\n<p>EVER Pharma Therapeutics Spain SL<br>Calle Toledo 170<br>28005 Madrid, Spain<\/p>\n\n\n\n<p>Tel.: +34 691 247 481<br>E-Mail: <a href=\"mailto:JoseMaria.Moreno@everpharma.com\"><\/a><a href=\"mailto:info.es@everpharma.com\">info.es@everpharma.com<\/a><\/p>\n<\/div><\/div>\n<\/div>\n<\/div>\n\n\n\n<div class=\"wp-block-columns is-layout-flex wp-container-core-columns-is-layout-9d6595d7 wp-block-columns-is-layout-flex\">\n<div class=\"wp-block-column is-layout-flow wp-block-column-is-layout-flow\">\n<div class=\"wp-block-group is-style-card has-theme-white-color has-theme-red-darker-background-color has-text-color has-background\"><div class=\"wp-block-group__inner-container is-layout-flow wp-block-group-is-layout-flow\">\n<h4 class=\"wp-block-heading\">Laura Mart\u00ednez Ch\u00e1varri<\/h4>\n\n\n\n<p><em>Regional Account Manager <em>Hospital Line<\/em><\/em> <em>&#8211; Regi\u00f3n Centro<\/em><\/p>\n\n\n\n<p>EVER Pharma Therapeutics Spain SL<br>Calle Toledo 170<br>28005 Madrid, Spain<\/p>\n\n\n\n<p>Tel.: +34 639 785 704<br>E-Mail: <a href=\"mailto:Isolda.Tresserras@everpharma.com\"><\/a><a href=\"mailto:laura.martinez@everpharma.com\"><a href=\"mailto:info.es@everpharma.com\">info.es@everpharma.com<\/a><\/a><\/p>\n<\/div><\/div>\n<\/div>\n\n\n\n<div class=\"wp-block-column is-layout-flow wp-block-column-is-layout-flow\">\n<div class=\"wp-block-group is-style-card has-theme-white-color has-theme-red-darker-background-color has-text-color has-background\"><div class=\"wp-block-group__inner-container is-layout-flow wp-block-group-is-layout-flow\">\n<h4 class=\"wp-block-heading\">Jes\u00fas Fidalgo Jim\u00e9nez<\/h4>\n\n\n\n<p><em><em>Regional Account Manager <em>Hospital Line<\/em><\/em><\/em> <em><em>&#8211; Regi\u00f3n Centro Levante<\/em><\/em><\/p>\n\n\n\n<p>EVER Pharma Therapeutics Spain SL<br>Calle Toledo 170<br>28005 Madrid, Spain<\/p>\n\n\n\n<p>Tel.: +34 699 427 803<br>E-Mail: <a href=\"mailto:Jesus.Fidalgo@everpharma.com\"><\/a><a href=\"mailto:info.es@everpharma.com\">info.es@everpharma.com<\/a><\/p>\n<\/div><\/div>\n<\/div>\n<\/div>\n\n\n\n<div class=\"wp-block-columns is-layout-flex wp-container-core-columns-is-layout-9d6595d7 wp-block-columns-is-layout-flex\">\n<div class=\"wp-block-column is-layout-flow wp-block-column-is-layout-flow\">\n<div class=\"wp-block-group is-style-card has-theme-white-color has-theme-red-dark-background-color has-text-color has-background\"><div class=\"wp-block-group__inner-container is-layout-flow wp-block-group-is-layout-flow\">\n<h4 class=\"wp-block-heading\">David Guerra Rey<\/h4>\n\n\n\n<p><em>Regional Account Manager <em>Hospital Line<\/em><\/em> <em>&#8211; Regi\u00f3n Noreste<\/em><\/p>\n\n\n\n<p>EVER Pharma Therapeutics Spain SL<br>Calle Toledo 170<br>28005 Madrid, Spain<\/p>\n\n\n\n<p>Tel.: +34 639 785 704<br>E-Mail: <a href=\"mailto:Jesus.Fidalgo@everpharma.com\"><\/a><a href=\"mailto:david.guerra@everpharma.com\"><a href=\"mailto:info.es@everpharma.com\">info.es@everpharma.com<\/a>\u00a0<\/a><\/p>\n<\/div><\/div>\n<\/div>\n\n\n\n<div class=\"wp-block-column is-layout-flow wp-block-column-is-layout-flow\">\n<div class=\"wp-block-group is-style-card has-theme-white-color has-theme-red-dark-background-color has-text-color has-background\"><div class=\"wp-block-group__inner-container is-layout-flow wp-block-group-is-layout-flow\">\n<h4 class=\"wp-block-heading\">Miguel Maroto Centeno<\/h4>\n\n\n\n<p><em>Commercial Manager Specialty Line<\/em><\/p>\n\n\n\n<p>EVER Pharma Therapeutics Spain SL<br>Calle Toledo 170<br>28005 Madrid, Spain<\/p>\n\n\n\n<p>Tel.: +34 639 785 704<br>E-Mail: <a href=\"mailto:JoseMaria.Moreno@everpharma.com\"><\/a><a href=\"mailto:miguel.maroto@everpharma.com\"><a href=\"mailto:info.es@everpharma.com\">info.es@everpharma.com<\/a><\/a><\/p>\n<\/div><\/div>\n\n\n\n<div class=\"wp-block-group\"><div class=\"wp-block-group__inner-container is-layout-constrained wp-block-group-is-layout-constrained\"><\/div><\/div>\n<\/div>\n\n\n\n<div class=\"wp-block-column is-layout-flow wp-block-column-is-layout-flow\">\n<div class=\"wp-block-group is-style-card has-theme-white-color has-theme-red-dark-background-color has-text-color has-background\"><div class=\"wp-block-group__inner-container is-layout-flow wp-block-group-is-layout-flow\">\n<h4 class=\"wp-block-heading\">Cristo Ricardo Rebenaque Ramos<\/h4>\n\n\n\n<p><em>Specialty Line Representative Specialty Line &#8211; Regi\u00f3n Canarias<\/em> y M\u00e1laga<\/p>\n\n\n\n<p>EVER Pharma Therapeutics Spain SL<br>Calle Toledo 170<br>28005 Madrid, Spain<\/p>\n\n\n\n<p>Tel.: +34 639 785 704<br>E-Mail: <a href=\"mailto:david.guerra@everpharma.com\"><\/a><a href=\"mailto:cristo.rebenaque@everpharma.com\"><a href=\"mailto:info.es@everpharma.com\">info.es@everpharma.com<\/a><\/a><\/p>\n<\/div><\/div>\n\n\n\n<div class=\"wp-block-group\"><div class=\"wp-block-group__inner-container is-layout-constrained wp-block-group-is-layout-constrained\"><\/div><\/div>\n<\/div>\n<\/div>\n\n\n\n<div class=\"wp-block-columns is-layout-flex wp-container-core-columns-is-layout-9d6595d7 wp-block-columns-is-layout-flex\">\n<div class=\"wp-block-column is-vertically-aligned-top is-layout-flow wp-block-column-is-layout-flow\">\n<div class=\"wp-block-group is-style-card has-theme-white-color has-theme-red-darker-background-color has-text-color has-background\"><div class=\"wp-block-group__inner-container is-layout-flow wp-block-group-is-layout-flow\">\n<h4 class=\"wp-block-heading\">Esther Arjona Hern\u00e1n<\/h4>\n\n\n\n<p><em>Regional Account Manager <em> Specialty Line<\/em>&#8211; Regi\u00f3n Centro Levante<\/em><\/p>\n\n\n\n<p>EVER Pharma Therapeutics Spain SL<br>Calle Toledo 170<br>28005 Madrid, Spain<\/p>\n\n\n\n<p>Tel.: +34 639 785 704<br>E-Mail: <a href=\"mailto:info.es@everpharma.com\">info.es@everpharma.com<\/a><\/p>\n<\/div><\/div>\n<\/div>\n\n\n\n<div class=\"wp-block-column is-layout-flow wp-block-column-is-layout-flow\">\n<div class=\"wp-block-group is-style-card has-theme-white-color has-theme-red-darker-background-color has-text-color has-background\"><div class=\"wp-block-group__inner-container is-layout-flow wp-block-group-is-layout-flow\">\n<h4 class=\"wp-block-heading alignfull has-text-align-left\">Juan Agust\u00edn Gonz\u00e1lez Carri\u00f3n<\/h4>\n\n\n\n<p><em>Regional Account Manager <em> Specialty Line<\/em>&#8211; Regi\u00f3n Sur<\/em><\/p>\n\n\n\n<p>EVER Pharma Therapeutics Spain SL<br>Calle Toledo 170<br>28005 Madrid, Spain<\/p>\n\n\n\n<p>Tel.: +34 639 785 704<br>E-Mail: <a href=\"mailto:info.es@everpharma.com\">info.es@everpharma.com<\/a><\/p>\n<\/div><\/div>\n<\/div>\n\n\n\n<div class=\"wp-block-column is-layout-flow wp-block-column-is-layout-flow\">\n<div class=\"wp-block-group is-style-card has-theme-white-color has-theme-red-darker-background-color has-text-color has-background\"><div class=\"wp-block-group__inner-container is-layout-flow wp-block-group-is-layout-flow\">\n<h4 class=\"wp-block-heading\">Noelia Sanz Moreno<\/h4>\n\n\n\n<div class=\"wp-block-group\"><div class=\"wp-block-group__inner-container is-layout-flow wp-block-group-is-layout-flow\">\n<p><em>Regional Account Manager <em> Specialty Line<\/em>&#8211; Regi\u00f3n Levante <\/em><\/p>\n\n\n\n<p>EVER Pharma Therapeutics Spain SL<br>Calle Toledo 170<br>28005 Madrid, Spain<\/p>\n\n\n\n<p>Tel.: +34 639 785 704<br>E-Mail: <a href=\"mailto:info.es@everpharma.com\">info.es@everpharma.com<\/a><\/p>\n<\/div><\/div>\n<\/div><\/div>\n<\/div>\n<\/div>\n\n\n\n<div class=\"wp-block-columns is-layout-flex wp-container-core-columns-is-layout-9d6595d7 wp-block-columns-is-layout-flex\">\n<div class=\"wp-block-column is-layout-flow wp-block-column-is-layout-flow\">\n<div class=\"wp-block-group is-style-card has-theme-white-color has-theme-red-dark-background-color has-text-color has-background\"><div class=\"wp-block-group__inner-container is-layout-flow wp-block-group-is-layout-flow\">\n<h4 class=\"wp-block-heading\">Regina Llado Trens<\/h4>\n\n\n\n<p><em>Regional Account Manager<em> Specialty Line<\/em> &#8211; <em> <\/em>Regi\u00f3n Noreste<\/em><\/p>\n\n\n\n<p>EVER Pharma Therapeutics Spain SL<br>Calle Toledo 170<br>28005 Madrid, Spain<\/p>\n\n\n\n<p>Tel.: +34 639 785 704<br>E-Mail: <a href=\"mailto:info.es@everpharma.com\">info.es@everpharma.com<\/a><\/p>\n<\/div><\/div>\n<\/div>\n\n\n\n<div class=\"wp-block-column is-layout-flow wp-block-column-is-layout-flow\">\n<div class=\"wp-block-group is-style-card has-theme-white-color has-theme-red-darker-background-color has-text-color has-background\"><div class=\"wp-block-group__inner-container is-layout-flow wp-block-group-is-layout-flow\">\n<h4 class=\"wp-block-heading\">\u00c1ngel Irigoras<\/h4>\n\n\n\n<p><em>Regional Account Manager <em> Specialty Line<\/em><\/em> <em>&#8211; <em> <\/em>Regi\u00f3n Norte<\/em><\/p>\n\n\n\n<p>EVER Pharma Therapeutics Spain SL<br>Calle Toledo 170<br>28005 Madrid, Spain<\/p>\n\n\n\n<p>Tel.: +34 639 785 704<br>E-Mail: <a href=\"mailto:info.es@everpharma.com\">info.es@everpharma.com<\/a><\/p>\n<\/div><\/div>\n<\/div>\n\n\n\n<div class=\"wp-block-column is-layout-flow wp-block-column-is-layout-flow\">\n<div class=\"wp-block-group is-style-card has-theme-white-color has-theme-red-darker-background-color has-text-color has-background\"><div class=\"wp-block-group__inner-container is-layout-flow wp-block-group-is-layout-flow\">\n<h4 class=\"wp-block-heading\">Evaristo Jim\u00e9nez Zulliani<\/h4>\n\n\n\n<p>Regional Account Manager<em> Specialty Line<\/em>  &#8211; Regi\u00f3n Noroeste<\/p>\n\n\n\n<p>EVER Pharma Therapeutics Spain SL<br>Calle Toledo 170<br>28005 Madrid, Spain<\/p>\n\n\n\n<p>Tel.: +34 639 785 704<br>E-Mail: <a href=\"mailto:info.es@everpharma.com\">info.es@everpharma.com<\/a><\/p>\n<\/div><\/div>\n<\/div>\n<\/div>\n\n\n\n<p><\/p>\n","protected":false},"excerpt":{"rendered":"<p>Gracias a los muchos a\u00f1os de experiencia y a los conocimientos m\u00e9dico-cient\u00edficos de nuestro equipo, podemos ofrecer a los m\u00e9dicos y farmac\u00e9uticos no s\u00f3lo una amplia y eficaz informaci\u00f3n sobre los productos y conceptos terap\u00e9uticos, sino tambi\u00e9n soluciones a los problemas que facilitan el uso de nuestros f\u00e1rmacos. Carmen Alonso General Manager Calle Toledo 17028005 &hellip; <a href=\"https:\/\/www.everpharma.com\/esp\/nuestro-equipo\/\">Continued<\/a><\/p>\n","protected":false},"author":2,"featured_media":0,"parent":0,"menu_order":7,"comment_status":"closed","ping_status":"closed","template":"","meta":{"footnotes":""},"class_list":["post-337","page","type-page","status-publish","hentry"],"yoast_head":"<!-- This site is optimized with the Yoast SEO plugin v27.4 - https:\/\/yoast.com\/product\/yoast-seo-wordpress\/ -->\n<title>Nuestro equipo - EVER Pharma Spain<\/title>\n<meta name=\"robots\" content=\"index, follow, max-snippet:-1, max-image-preview:large, max-video-preview:-1\" \/>\n<link rel=\"canonical\" href=\"https:\/\/www.everpharma.com\/esp\/nuestro-equipo\/\" \/>\n<meta property=\"og:locale\" content=\"es_ES\" \/>\n<meta property=\"og:type\" content=\"article\" \/>\n<meta property=\"og:title\" content=\"Nuestro equipo - EVER Pharma Spain\" \/>\n<meta property=\"og:description\" content=\"Gracias a los muchos a\u00f1os de experiencia y a los conocimientos m\u00e9dico-cient\u00edficos de nuestro equipo, podemos ofrecer a los m\u00e9dicos y farmac\u00e9uticos no s\u00f3lo una amplia y eficaz informaci\u00f3n sobre los productos y conceptos terap\u00e9uticos, sino tambi\u00e9n soluciones a los problemas que facilitan el uso de nuestros f\u00e1rmacos. Carmen Alonso General Manager Calle Toledo 17028005 &hellip; Continued\" \/>\n<meta property=\"og:url\" content=\"https:\/\/www.everpharma.com\/esp\/nuestro-equipo\/\" \/>\n<meta property=\"og:site_name\" content=\"EVER Pharma Spain\" \/>\n<meta property=\"article:modified_time\" content=\"2026-02-19T16:37:40+00:00\" \/>\n<meta name=\"twitter:card\" content=\"summary_large_image\" \/>\n<meta name=\"twitter:label1\" content=\"Est. reading time\" \/>\n\t<meta name=\"twitter:data1\" content=\"2 minutes\" \/>\n<script type=\"application\/ld+json\" class=\"yoast-schema-graph\">{\"@context\":\"https:\\\/\\\/schema.org\",\"@graph\":[{\"@type\":\"WebPage\",\"@id\":\"https:\\\/\\\/www.everpharma.com\\\/esp\\\/nuestro-equipo\\\/\",\"url\":\"https:\\\/\\\/www.everpharma.com\\\/esp\\\/nuestro-equipo\\\/\",\"name\":\"Nuestro equipo - EVER Pharma Spain\",\"isPartOf\":{\"@id\":\"https:\\\/\\\/www.everpharma.com\\\/esp\\\/#website\"},\"datePublished\":\"2021-06-11T07:51:08+00:00\",\"dateModified\":\"2026-02-19T16:37:40+00:00\",\"breadcrumb\":{\"@id\":\"https:\\\/\\\/www.everpharma.com\\\/esp\\\/nuestro-equipo\\\/#breadcrumb\"},\"inLanguage\":\"es-ES\",\"potentialAction\":[{\"@type\":\"ReadAction\",\"target\":[\"https:\\\/\\\/www.everpharma.com\\\/esp\\\/nuestro-equipo\\\/\"]}]},{\"@type\":\"BreadcrumbList\",\"@id\":\"https:\\\/\\\/www.everpharma.com\\\/esp\\\/nuestro-equipo\\\/#breadcrumb\",\"itemListElement\":[{\"@type\":\"ListItem\",\"position\":1,\"name\":\"Startseite\",\"item\":\"https:\\\/\\\/www.everpharma.com\\\/esp\\\/\"},{\"@type\":\"ListItem\",\"position\":2,\"name\":\"Nuestro equipo\"}]},{\"@type\":\"WebSite\",\"@id\":\"https:\\\/\\\/www.everpharma.com\\\/esp\\\/#website\",\"url\":\"https:\\\/\\\/www.everpharma.com\\\/esp\\\/\",\"name\":\"EVER Pharma Spain\",\"description\":\"Dedicated to Health.\",\"potentialAction\":[{\"@type\":\"SearchAction\",\"target\":{\"@type\":\"EntryPoint\",\"urlTemplate\":\"https:\\\/\\\/www.everpharma.com\\\/esp\\\/?s={search_term_string}\"},\"query-input\":{\"@type\":\"PropertyValueSpecification\",\"valueRequired\":true,\"valueName\":\"search_term_string\"}}],\"inLanguage\":\"es-ES\"}]}<\/script>\n<!-- \/ Yoast SEO plugin. -->","yoast_head_json":{"title":"Nuestro equipo - EVER Pharma Spain","robots":{"index":"index","follow":"follow","max-snippet":"max-snippet:-1","max-image-preview":"max-image-preview:large","max-video-preview":"max-video-preview:-1"},"canonical":"https:\/\/www.everpharma.com\/esp\/nuestro-equipo\/","og_locale":"es_ES","og_type":"article","og_title":"Nuestro equipo - EVER Pharma Spain","og_description":"Gracias a los muchos a\u00f1os de experiencia y a los conocimientos m\u00e9dico-cient\u00edficos de nuestro equipo, podemos ofrecer a los m\u00e9dicos y farmac\u00e9uticos no s\u00f3lo una amplia y eficaz informaci\u00f3n sobre los productos y conceptos terap\u00e9uticos, sino tambi\u00e9n soluciones a los problemas que facilitan el uso de nuestros f\u00e1rmacos. Carmen Alonso General Manager Calle Toledo 17028005 &hellip; Continued","og_url":"https:\/\/www.everpharma.com\/esp\/nuestro-equipo\/","og_site_name":"EVER Pharma Spain","article_modified_time":"2026-02-19T16:37:40+00:00","twitter_card":"summary_large_image","twitter_misc":{"Est. reading time":"2 minutes"},"schema":{"@context":"https:\/\/schema.org","@graph":[{"@type":"WebPage","@id":"https:\/\/www.everpharma.com\/esp\/nuestro-equipo\/","url":"https:\/\/www.everpharma.com\/esp\/nuestro-equipo\/","name":"Nuestro equipo - EVER Pharma Spain","isPartOf":{"@id":"https:\/\/www.everpharma.com\/esp\/#website"},"datePublished":"2021-06-11T07:51:08+00:00","dateModified":"2026-02-19T16:37:40+00:00","breadcrumb":{"@id":"https:\/\/www.everpharma.com\/esp\/nuestro-equipo\/#breadcrumb"},"inLanguage":"es-ES","potentialAction":[{"@type":"ReadAction","target":["https:\/\/www.everpharma.com\/esp\/nuestro-equipo\/"]}]},{"@type":"BreadcrumbList","@id":"https:\/\/www.everpharma.com\/esp\/nuestro-equipo\/#breadcrumb","itemListElement":[{"@type":"ListItem","position":1,"name":"Startseite","item":"https:\/\/www.everpharma.com\/esp\/"},{"@type":"ListItem","position":2,"name":"Nuestro equipo"}]},{"@type":"WebSite","@id":"https:\/\/www.everpharma.com\/esp\/#website","url":"https:\/\/www.everpharma.com\/esp\/","name":"EVER Pharma Spain","description":"Dedicated to Health.","potentialAction":[{"@type":"SearchAction","target":{"@type":"EntryPoint","urlTemplate":"https:\/\/www.everpharma.com\/esp\/?s={search_term_string}"},"query-input":{"@type":"PropertyValueSpecification","valueRequired":true,"valueName":"search_term_string"}}],"inLanguage":"es-ES"}]}},"_links":{"self":[{"href":"https:\/\/www.everpharma.com\/esp\/wp-json\/wp\/v2\/pages\/337","targetHints":{"allow":["GET"]}}],"collection":[{"href":"https:\/\/www.everpharma.com\/esp\/wp-json\/wp\/v2\/pages"}],"about":[{"href":"https:\/\/www.everpharma.com\/esp\/wp-json\/wp\/v2\/types\/page"}],"author":[{"embeddable":true,"href":"https:\/\/www.everpharma.com\/esp\/wp-json\/wp\/v2\/users\/2"}],"replies":[{"embeddable":true,"href":"https:\/\/www.everpharma.com\/esp\/wp-json\/wp\/v2\/comments?post=337"}],"version-history":[{"count":27,"href":"https:\/\/www.everpharma.com\/esp\/wp-json\/wp\/v2\/pages\/337\/revisions"}],"predecessor-version":[{"id":741,"href":"https:\/\/www.everpharma.com\/esp\/wp-json\/wp\/v2\/pages\/337\/revisions\/741"}],"wp:attachment":[{"href":"https:\/\/www.everpharma.com\/esp\/wp-json\/wp\/v2\/media?parent=337"}],"curies":[{"name":"wp","href":"https:\/\/api.w.org\/{rel}","templated":true}]}}