{"id":215,"date":"2021-06-03T12:40:36","date_gmt":"2021-06-03T12:40:36","guid":{"rendered":"https:\/\/www.everpharma.com\/spain\/?page_id=215"},"modified":"2024-05-28T11:51:50","modified_gmt":"2024-05-28T09:51:50","slug":"gestion-3","status":"publish","type":"page","link":"https:\/\/www.everpharma.com\/esp\/gestion-3\/","title":{"rendered":"Nuestro equipo de gesti\u00f3n"},"content":{"rendered":"\n<h1 class=\"wp-block-heading is-style-page-title\"><\/h1>\n\n\n\n<p>Conoce al equipo directivo de EVER Pharma<\/p>\n\n\n\n<div style=\"height:10px\" aria-hidden=\"true\" class=\"wp-block-spacer\"><\/div>\n\n\n\n<hr class=\"wp-block-separator has-css-opacity is-style-default\" \/>\n\n\n\n<div style=\"height:117px\" aria-hidden=\"true\" class=\"wp-block-spacer\"><\/div>\n\n\n\n<div class=\"wp-block-columns are-vertically-aligned-center is-layout-flex wp-container-core-columns-is-layout-9d6595d7 wp-block-columns-is-layout-flex\">\n<div class=\"wp-block-column is-vertically-aligned-center is-layout-flow wp-block-column-is-layout-flow\" style=\"flex-basis:66.66%\">\n<h4 class=\"wp-block-heading\"><strong>Dr. Friedrich Hillebrand<\/strong><\/h4>\n\n\n\n<p><em><strong>Presidente y propietario<\/strong><\/em><\/p>\n\n\n\n<p>Como Presidente del Grupo EVER Pharma, el Dr. Friedrich Hillebrand aporta m\u00e1s de 40 a\u00f1os de experiencia farmac\u00e9utica en desarrollo, producci\u00f3n y comercializaci\u00f3n. Hasta 2009 fue director general de EBEWE Pharma, una empresa especializada en oncolog\u00eda y neurolog\u00eda, que dirigi\u00f3 y desarroll\u00f3 durante 30 a\u00f1os hasta su venta a Novartis. Friedrich es doctor en Ingenier\u00eda Qu\u00edmica por la Universidad de Viena.<\/p>\n\n\n\n<div style=\"height:91px\" aria-hidden=\"true\" class=\"wp-block-spacer\"><\/div>\n<\/div>\n\n\n\n<div class=\"wp-block-column is-vertically-aligned-center is-layout-flow wp-block-column-is-layout-flow\" style=\"flex-basis:33.33%\">\n<figure class=\"wp-block-image size-medium\"><img decoding=\"async\" src=\"https:\/\/www.everpharma.com\/wp-content\/uploads\/2021\/04\/Friedrich-Hillebrand-225x300.jpg\" alt=\"\" class=\"wp-image-1250\" \/><\/figure>\n<\/div>\n<\/div>\n\n\n\n<div style=\"height:24px\" aria-hidden=\"true\" class=\"wp-block-spacer\"><\/div>\n\n\n\n<div class=\"wp-block-columns are-vertically-aligned-center is-layout-flex wp-container-core-columns-is-layout-9d6595d7 wp-block-columns-is-layout-flex\">\n<div class=\"wp-block-column is-vertically-aligned-center is-layout-flow wp-block-column-is-layout-flow\" style=\"flex-basis:66.66%\">\n<h4 class=\"wp-block-heading\"><strong><strong>Georges Kahwati<\/strong><\/strong><\/h4>\n\n\n\n<p><em><strong><em>Director General<\/em><\/strong><\/em><\/p>\n\n\n\n<p>Georges Kahwati es Director General de EVER Neuro Pharma, EVER Valinject y EVER Pharma Jena. Se incorpor\u00f3 al Grupo EVER Pharma procedente de Sandoz International, donde ocup\u00f3 los cargos de Jefe Global de Operaciones Comerciales (Inyectables Oncol\u00f3gicos) y Director General de la planta de Sandoz Unterach, cubriendo las operaciones t\u00e9cnicas, la calidad y el desarrollo. Antes de trabajar en Sandoz, Georges fue vicepresidente de inyectables especializados en EBEWE Pharma, donde hizo crecer significativamente su franquicia de oncolog\u00eda hasta convertirla en l\u00edder del mercado antes de la venta de ese negocio a Novartis en 2009. Georges es licenciado en Comercio por la Universidad McGill y tiene un MBA de INSEAD.<\/p>\n\n\n\n<div style=\"height:15px\" aria-hidden=\"true\" class=\"wp-block-spacer\"><\/div>\n<\/div>\n\n\n\n<div class=\"wp-block-column is-vertically-aligned-center is-layout-flow wp-block-column-is-layout-flow\" style=\"flex-basis:33.33%\">\n<figure class=\"wp-block-image size-medium is-resized\"><img decoding=\"async\" src=\"https:\/\/www.everpharma.com\/wp-content\/uploads\/2021\/04\/Georges-Kahwati-212x300.jpg\" alt=\"\" class=\"wp-image-1252\" style=\"width:225px\" \/><\/figure>\n<\/div>\n<\/div>\n\n\n\n<div style=\"height:24px\" aria-hidden=\"true\" class=\"wp-block-spacer\"><\/div>\n\n\n\n<div class=\"wp-block-columns are-vertically-aligned-center is-layout-flex wp-container-core-columns-is-layout-9d6595d7 wp-block-columns-is-layout-flex\">\n<div class=\"wp-block-column is-vertically-aligned-center is-layout-flow wp-block-column-is-layout-flow\" style=\"flex-basis:66.66%\">\n<h4 class=\"wp-block-heading\"><strong><strong>Dr. Wolfgang Schmitzberger<\/strong><\/strong><\/h4>\n\n\n\n<p><em><strong><em><em><strong><em>Director General<\/em><\/strong><\/em><\/em><\/strong><\/em><\/p>\n\n\n\n<p>El Dr. Wolfgang Schmitzberger es Director General de EVER Neuro Pharma y EVER Pharma Jena. Lleva en el Grupo EBEWE\/EVER desde 1992. Como director de la sede central de EBEWE en Austria, fue responsable de la producci\u00f3n, la calidad, la ingenier\u00eda, la cadena de suministro, la fabricaci\u00f3n por contrato y los asuntos reglamentarios\/licencias durante muchos a\u00f1os. En la actualidad, dirige las operaciones t\u00e9cnicas de EVER en Austria y Alemania, y ha participado de forma significativa en la modernizaci\u00f3n tecnol\u00f3gica y la construcci\u00f3n de una nueva planta de producci\u00f3n para EVER Pharma Jena. El Dr. Schmitzberger es doctor en qu\u00edmica t\u00e9cnica y econom\u00eda por la Universidad de Linz.<\/p>\n\n\n\n<div style=\"height:134px\" aria-hidden=\"true\" class=\"wp-block-spacer\"><\/div>\n<\/div>\n\n\n\n<div class=\"wp-block-column is-vertically-aligned-center is-layout-flow wp-block-column-is-layout-flow\" style=\"flex-basis:33.33%\">\n<figure class=\"wp-block-image size-medium is-resized\"><img decoding=\"async\" src=\"https:\/\/www.everpharma.com\/wp-content\/uploads\/2021\/04\/Wolfgang-Schmitzberger-194x300.jpg\" alt=\"\" class=\"wp-image-1256\" style=\"width:225px\" \/><\/figure>\n<\/div>\n<\/div>\n\n\n\n<div style=\"height:24px\" aria-hidden=\"true\" class=\"wp-block-spacer\"><\/div>\n\n\n\n<div class=\"wp-block-columns are-vertically-aligned-center is-layout-flex wp-container-core-columns-is-layout-9d6595d7 wp-block-columns-is-layout-flex\">\n<div class=\"wp-block-column is-vertically-aligned-center is-layout-flow wp-block-column-is-layout-flow\" style=\"flex-basis:66.66%\">\n<h4 class=\"wp-block-heading\"><strong><strong>Dr. Julia Hillebrand<\/strong><\/strong><\/h4>\n\n\n\n<p><em><strong><em>Director general y copropietario<\/em><\/strong><\/em><\/p>\n\n\n\n<p>La Dra. Julia Hillebrand se incorpor\u00f3 a EVER Pharma en 2013 como Directora de Desarrollo Corporativo y dirige la unidad de negocio de Neurolog\u00eda desde 2016. Tambi\u00e9n es miembro del Consejo Ejecutivo de EVER Pharma. La Sra. Hillebrand es doctora en medicina por la Universidad de Medicina de Viena.<\/p>\n\n\n\n<div style=\"height:125px\" aria-hidden=\"true\" class=\"wp-block-spacer\"><\/div>\n<\/div>\n\n\n\n<div class=\"wp-block-column is-vertically-aligned-center is-layout-flow wp-block-column-is-layout-flow\" style=\"flex-basis:33.33%\">\n<figure class=\"wp-block-image size-medium is-resized\"><img decoding=\"async\" src=\"https:\/\/www.everpharma.com\/wp-content\/uploads\/2021\/04\/Julia-Hillebrand-205x300.jpg\" alt=\"\" class=\"wp-image-1254\" style=\"width:225px\" \/><\/figure>\n<\/div>\n<\/div>\n\n\n\n<div style=\"height:57px\" aria-hidden=\"true\" class=\"wp-block-spacer\"><\/div>\n","protected":false},"excerpt":{"rendered":"<p>Conoce al equipo directivo de EVER Pharma Dr. Friedrich Hillebrand Presidente y propietario Como Presidente del Grupo EVER Pharma, el Dr. Friedrich Hillebrand aporta m\u00e1s de 40 a\u00f1os de experiencia farmac\u00e9utica en desarrollo, producci\u00f3n y comercializaci\u00f3n. Hasta 2009 fue director general de EBEWE Pharma, una empresa especializada en oncolog\u00eda y neurolog\u00eda, que dirigi\u00f3 y desarroll\u00f3 &hellip; <a href=\"https:\/\/www.everpharma.com\/esp\/gestion-3\/\">Continued<\/a><\/p>\n","protected":false},"author":2,"featured_media":0,"parent":0,"menu_order":12,"comment_status":"closed","ping_status":"closed","template":"","meta":{"footnotes":""},"class_list":["post-215","page","type-page","status-publish","hentry"],"yoast_head":"<!-- This site is optimized with the Yoast SEO plugin v27.4 - https:\/\/yoast.com\/product\/yoast-seo-wordpress\/ -->\n<title>Nuestro equipo de gesti\u00f3n - EVER Pharma Spain<\/title>\n<meta name=\"robots\" content=\"index, follow, max-snippet:-1, max-image-preview:large, max-video-preview:-1\" \/>\n<link rel=\"canonical\" href=\"https:\/\/www.everpharma.com\/esp\/gestion-3\/\" \/>\n<meta property=\"og:locale\" content=\"es_ES\" \/>\n<meta property=\"og:type\" content=\"article\" \/>\n<meta property=\"og:title\" content=\"Nuestro equipo de gesti\u00f3n - EVER Pharma Spain\" \/>\n<meta property=\"og:description\" content=\"Conoce al equipo directivo de EVER Pharma Dr. Friedrich Hillebrand Presidente y propietario Como Presidente del Grupo EVER Pharma, el Dr. Friedrich Hillebrand aporta m\u00e1s de 40 a\u00f1os de experiencia farmac\u00e9utica en desarrollo, producci\u00f3n y comercializaci\u00f3n. Hasta 2009 fue director general de EBEWE Pharma, una empresa especializada en oncolog\u00eda y neurolog\u00eda, que dirigi\u00f3 y desarroll\u00f3 &hellip; Continued\" \/>\n<meta property=\"og:url\" content=\"https:\/\/www.everpharma.com\/esp\/gestion-3\/\" \/>\n<meta property=\"og:site_name\" content=\"EVER Pharma Spain\" \/>\n<meta property=\"article:modified_time\" content=\"2024-05-28T09:51:50+00:00\" \/>\n<meta property=\"og:image\" content=\"https:\/\/www.everpharma.com\/wp-content\/uploads\/2021\/04\/Friedrich-Hillebrand-225x300.jpg\" \/>\n<meta name=\"twitter:card\" content=\"summary_large_image\" \/>\n<meta name=\"twitter:label1\" content=\"Est. reading time\" \/>\n\t<meta name=\"twitter:data1\" content=\"2 minutes\" \/>\n<script type=\"application\/ld+json\" class=\"yoast-schema-graph\">{\"@context\":\"https:\\\/\\\/schema.org\",\"@graph\":[{\"@type\":\"WebPage\",\"@id\":\"https:\\\/\\\/www.everpharma.com\\\/esp\\\/gestion-3\\\/\",\"url\":\"https:\\\/\\\/www.everpharma.com\\\/esp\\\/gestion-3\\\/\",\"name\":\"Nuestro equipo de gesti\u00f3n - EVER Pharma Spain\",\"isPartOf\":{\"@id\":\"https:\\\/\\\/www.everpharma.com\\\/esp\\\/#website\"},\"primaryImageOfPage\":{\"@id\":\"https:\\\/\\\/www.everpharma.com\\\/esp\\\/gestion-3\\\/#primaryimage\"},\"image\":{\"@id\":\"https:\\\/\\\/www.everpharma.com\\\/esp\\\/gestion-3\\\/#primaryimage\"},\"thumbnailUrl\":\"https:\\\/\\\/www.everpharma.com\\\/wp-content\\\/uploads\\\/2021\\\/04\\\/Friedrich-Hillebrand-225x300.jpg\",\"datePublished\":\"2021-06-03T12:40:36+00:00\",\"dateModified\":\"2024-05-28T09:51:50+00:00\",\"breadcrumb\":{\"@id\":\"https:\\\/\\\/www.everpharma.com\\\/esp\\\/gestion-3\\\/#breadcrumb\"},\"inLanguage\":\"es-ES\",\"potentialAction\":[{\"@type\":\"ReadAction\",\"target\":[\"https:\\\/\\\/www.everpharma.com\\\/esp\\\/gestion-3\\\/\"]}]},{\"@type\":\"ImageObject\",\"inLanguage\":\"es-ES\",\"@id\":\"https:\\\/\\\/www.everpharma.com\\\/esp\\\/gestion-3\\\/#primaryimage\",\"url\":\"https:\\\/\\\/www.everpharma.com\\\/wp-content\\\/uploads\\\/2021\\\/04\\\/Friedrich-Hillebrand-225x300.jpg\",\"contentUrl\":\"https:\\\/\\\/www.everpharma.com\\\/wp-content\\\/uploads\\\/2021\\\/04\\\/Friedrich-Hillebrand-225x300.jpg\"},{\"@type\":\"BreadcrumbList\",\"@id\":\"https:\\\/\\\/www.everpharma.com\\\/esp\\\/gestion-3\\\/#breadcrumb\",\"itemListElement\":[{\"@type\":\"ListItem\",\"position\":1,\"name\":\"Startseite\",\"item\":\"https:\\\/\\\/www.everpharma.com\\\/esp\\\/\"},{\"@type\":\"ListItem\",\"position\":2,\"name\":\"Nuestro equipo de gesti\u00f3n\"}]},{\"@type\":\"WebSite\",\"@id\":\"https:\\\/\\\/www.everpharma.com\\\/esp\\\/#website\",\"url\":\"https:\\\/\\\/www.everpharma.com\\\/esp\\\/\",\"name\":\"EVER Pharma Spain\",\"description\":\"Dedicated to Health.\",\"potentialAction\":[{\"@type\":\"SearchAction\",\"target\":{\"@type\":\"EntryPoint\",\"urlTemplate\":\"https:\\\/\\\/www.everpharma.com\\\/esp\\\/?s={search_term_string}\"},\"query-input\":{\"@type\":\"PropertyValueSpecification\",\"valueRequired\":true,\"valueName\":\"search_term_string\"}}],\"inLanguage\":\"es-ES\"}]}<\/script>\n<!-- \/ Yoast SEO plugin. -->","yoast_head_json":{"title":"Nuestro equipo de gesti\u00f3n - EVER Pharma Spain","robots":{"index":"index","follow":"follow","max-snippet":"max-snippet:-1","max-image-preview":"max-image-preview:large","max-video-preview":"max-video-preview:-1"},"canonical":"https:\/\/www.everpharma.com\/esp\/gestion-3\/","og_locale":"es_ES","og_type":"article","og_title":"Nuestro equipo de gesti\u00f3n - EVER Pharma Spain","og_description":"Conoce al equipo directivo de EVER Pharma Dr. Friedrich Hillebrand Presidente y propietario Como Presidente del Grupo EVER Pharma, el Dr. Friedrich Hillebrand aporta m\u00e1s de 40 a\u00f1os de experiencia farmac\u00e9utica en desarrollo, producci\u00f3n y comercializaci\u00f3n. Hasta 2009 fue director general de EBEWE Pharma, una empresa especializada en oncolog\u00eda y neurolog\u00eda, que dirigi\u00f3 y desarroll\u00f3 &hellip; Continued","og_url":"https:\/\/www.everpharma.com\/esp\/gestion-3\/","og_site_name":"EVER Pharma Spain","article_modified_time":"2024-05-28T09:51:50+00:00","og_image":[{"url":"https:\/\/www.everpharma.com\/wp-content\/uploads\/2021\/04\/Friedrich-Hillebrand-225x300.jpg","type":"","width":"","height":""}],"twitter_card":"summary_large_image","twitter_misc":{"Est. reading time":"2 minutes"},"schema":{"@context":"https:\/\/schema.org","@graph":[{"@type":"WebPage","@id":"https:\/\/www.everpharma.com\/esp\/gestion-3\/","url":"https:\/\/www.everpharma.com\/esp\/gestion-3\/","name":"Nuestro equipo de gesti\u00f3n - EVER Pharma Spain","isPartOf":{"@id":"https:\/\/www.everpharma.com\/esp\/#website"},"primaryImageOfPage":{"@id":"https:\/\/www.everpharma.com\/esp\/gestion-3\/#primaryimage"},"image":{"@id":"https:\/\/www.everpharma.com\/esp\/gestion-3\/#primaryimage"},"thumbnailUrl":"https:\/\/www.everpharma.com\/wp-content\/uploads\/2021\/04\/Friedrich-Hillebrand-225x300.jpg","datePublished":"2021-06-03T12:40:36+00:00","dateModified":"2024-05-28T09:51:50+00:00","breadcrumb":{"@id":"https:\/\/www.everpharma.com\/esp\/gestion-3\/#breadcrumb"},"inLanguage":"es-ES","potentialAction":[{"@type":"ReadAction","target":["https:\/\/www.everpharma.com\/esp\/gestion-3\/"]}]},{"@type":"ImageObject","inLanguage":"es-ES","@id":"https:\/\/www.everpharma.com\/esp\/gestion-3\/#primaryimage","url":"https:\/\/www.everpharma.com\/wp-content\/uploads\/2021\/04\/Friedrich-Hillebrand-225x300.jpg","contentUrl":"https:\/\/www.everpharma.com\/wp-content\/uploads\/2021\/04\/Friedrich-Hillebrand-225x300.jpg"},{"@type":"BreadcrumbList","@id":"https:\/\/www.everpharma.com\/esp\/gestion-3\/#breadcrumb","itemListElement":[{"@type":"ListItem","position":1,"name":"Startseite","item":"https:\/\/www.everpharma.com\/esp\/"},{"@type":"ListItem","position":2,"name":"Nuestro equipo de gesti\u00f3n"}]},{"@type":"WebSite","@id":"https:\/\/www.everpharma.com\/esp\/#website","url":"https:\/\/www.everpharma.com\/esp\/","name":"EVER Pharma Spain","description":"Dedicated to Health.","potentialAction":[{"@type":"SearchAction","target":{"@type":"EntryPoint","urlTemplate":"https:\/\/www.everpharma.com\/esp\/?s={search_term_string}"},"query-input":{"@type":"PropertyValueSpecification","valueRequired":true,"valueName":"search_term_string"}}],"inLanguage":"es-ES"}]}},"_links":{"self":[{"href":"https:\/\/www.everpharma.com\/esp\/wp-json\/wp\/v2\/pages\/215","targetHints":{"allow":["GET"]}}],"collection":[{"href":"https:\/\/www.everpharma.com\/esp\/wp-json\/wp\/v2\/pages"}],"about":[{"href":"https:\/\/www.everpharma.com\/esp\/wp-json\/wp\/v2\/types\/page"}],"author":[{"embeddable":true,"href":"https:\/\/www.everpharma.com\/esp\/wp-json\/wp\/v2\/users\/2"}],"replies":[{"embeddable":true,"href":"https:\/\/www.everpharma.com\/esp\/wp-json\/wp\/v2\/comments?post=215"}],"version-history":[{"count":4,"href":"https:\/\/www.everpharma.com\/esp\/wp-json\/wp\/v2\/pages\/215\/revisions"}],"predecessor-version":[{"id":666,"href":"https:\/\/www.everpharma.com\/esp\/wp-json\/wp\/v2\/pages\/215\/revisions\/666"}],"wp:attachment":[{"href":"https:\/\/www.everpharma.com\/esp\/wp-json\/wp\/v2\/media?parent=215"}],"curies":[{"name":"wp","href":"https:\/\/api.w.org\/{rel}","templated":true}]}}